{"id":7623,"date":"2025-06-12T16:40:33","date_gmt":"2025-06-12T14:40:33","guid":{"rendered":"https:\/\/www.alpenflugzentrum.de\/wordpress\/?page_id=7623"},"modified":"2025-06-21T23:56:09","modified_gmt":"2025-06-21T21:56:09","slug":"alpenflugzentrumaac-2025","status":"publish","type":"page","link":"https:\/\/www.alpenflugzentrum.de\/wordpress\/?page_id=7623","title":{"rendered":"Alpenflugzentrum@AAC 2025"},"content":{"rendered":"\n<p id=\"block-ff3834d6-c695-401b-813d-4ba6dd856765\"><em>von Holger Fuhr<\/em><\/p>\n\n\n\n<p id=\"block-622bf007-540a-4d05-bfa9-b6ee692bc328\"><a href=\"http:\/\/www.soaringspot.com\/de\/aac2025\/results\" target=\"_blank\" rel=\"noreferrer noopener\">Zur Wertung des Alpe Adria Cup 2025<\/a><\/p>\n\n\n\n<p>(der Blog wird dies Jahr fortlaufend weiter geschrieben, da die Technik in den Blogs ge\u00e4ndert wurde. Also wird mit dem Lauf des Wettbewerbs von oben nach unten fortgeschrieben!!!!)<\/p>\n\n\n\n<p><strong>Samstag &#8211; kleine und gro\u00dfe schnell zu l\u00f6sende Technikprobleme und am letzten Abend bricht die Gyroskrise im Fly In aus&#8230; <\/strong><\/p>\n\n\n\n<p>So, Ring frei zur letzten Runde&#8230;.<\/p>\n\n\n\n<figure class=\"wp-block-image size-large\"><a href=\"https:\/\/www.alpenflugzentrum.de\/wordpress\/wp-content\/uploads\/2025\/06\/IMGP4609-scaled.jpg\"><img loading=\"lazy\" decoding=\"async\" width=\"1024\" height=\"678\" src=\"https:\/\/www.alpenflugzentrum.de\/wordpress\/wp-content\/uploads\/2025\/06\/IMGP4609-1024x678.jpg\" alt=\"\" class=\"wp-image-7889\" srcset=\"https:\/\/www.alpenflugzentrum.de\/wordpress\/wp-content\/uploads\/2025\/06\/IMGP4609-1024x678.jpg 1024w, https:\/\/www.alpenflugzentrum.de\/wordpress\/wp-content\/uploads\/2025\/06\/IMGP4609-300x199.jpg 300w, https:\/\/www.alpenflugzentrum.de\/wordpress\/wp-content\/uploads\/2025\/06\/IMGP4609-768x509.jpg 768w, https:\/\/www.alpenflugzentrum.de\/wordpress\/wp-content\/uploads\/2025\/06\/IMGP4609-1536x1017.jpg 1536w, https:\/\/www.alpenflugzentrum.de\/wordpress\/wp-content\/uploads\/2025\/06\/IMGP4609-2048x1356.jpg 2048w\" sizes=\"auto, (max-width: 1024px) 100vw, 1024px\" \/><\/a><\/figure>\n\n\n\n<p><\/p>\n\n\n\n<p>Einen Vorteil hat die DA 40&#8230;die Schleppbilder sind immer spektakul\u00e4r&#8230;<\/p>\n\n\n\n<p>Im Gegenteil dazu die beiden Dynamics, die mit ihren 160 PS allen anderen Schleppern, sogar der 140 PS Bristell, ganz sch\u00f6n um die Ohren gekurvt sind. Am allerletzen  Schlepp hat es allerdings bei einer gehakt, Schleppabbruch wegen Leistungsverlust in niedriger H\u00f6he, Landung f\u00fcr beide Flugzeuge. Die Ursache beim Rotax: zwei Kupfermuttern am Kr\u00fcmmer liegen jetzt irgendwo im Abflug. Resulat: die linke Pottreihe bl\u00e4st ohne Auspuff direkt in die Atmosph\u00e4re. Der Sound entsprechend.<\/p>\n\n\n\n<figure class=\"wp-block-image size-large\"><a href=\"https:\/\/www.alpenflugzentrum.de\/wordpress\/wp-content\/uploads\/2025\/06\/20250621_135621-scaled.jpg\"><img loading=\"lazy\" decoding=\"async\" width=\"1024\" height=\"768\" src=\"https:\/\/www.alpenflugzentrum.de\/wordpress\/wp-content\/uploads\/2025\/06\/20250621_135621-1024x768.jpg\" alt=\"\" class=\"wp-image-7890\" srcset=\"https:\/\/www.alpenflugzentrum.de\/wordpress\/wp-content\/uploads\/2025\/06\/20250621_135621-1024x768.jpg 1024w, https:\/\/www.alpenflugzentrum.de\/wordpress\/wp-content\/uploads\/2025\/06\/20250621_135621-300x225.jpg 300w, https:\/\/www.alpenflugzentrum.de\/wordpress\/wp-content\/uploads\/2025\/06\/20250621_135621-768x576.jpg 768w, https:\/\/www.alpenflugzentrum.de\/wordpress\/wp-content\/uploads\/2025\/06\/20250621_135621-1536x1152.jpg 1536w, https:\/\/www.alpenflugzentrum.de\/wordpress\/wp-content\/uploads\/2025\/06\/20250621_135621-2048x1536.jpg 2048w\" sizes=\"auto, (max-width: 1024px) 100vw, 1024px\" \/><\/a><\/figure>\n\n\n\n<p>L\u00f6sung: A. und E. Schneeberger. Unsere charmante Schlepppilotin Kirstin und die Dynamic sind zum Zeitpunkt dieser Zeilen schon sicher zu Hause. Der Mann von Welt hat geschlitzte Kupfer-Auspuff- Sicherungsmuttern zur Hand.<\/p>\n\n\n\n<figure class=\"wp-block-image size-large\"><a href=\"https:\/\/www.alpenflugzentrum.de\/wordpress\/wp-content\/uploads\/2025\/06\/IMGP6406-scaled.jpg\"><img loading=\"lazy\" decoding=\"async\" width=\"1024\" height=\"683\" src=\"https:\/\/www.alpenflugzentrum.de\/wordpress\/wp-content\/uploads\/2025\/06\/IMGP6406-1024x683.jpg\" alt=\"\" class=\"wp-image-7891\" srcset=\"https:\/\/www.alpenflugzentrum.de\/wordpress\/wp-content\/uploads\/2025\/06\/IMGP6406-1024x683.jpg 1024w, https:\/\/www.alpenflugzentrum.de\/wordpress\/wp-content\/uploads\/2025\/06\/IMGP6406-300x200.jpg 300w, https:\/\/www.alpenflugzentrum.de\/wordpress\/wp-content\/uploads\/2025\/06\/IMGP6406-768x512.jpg 768w, https:\/\/www.alpenflugzentrum.de\/wordpress\/wp-content\/uploads\/2025\/06\/IMGP6406-1536x1024.jpg 1536w, https:\/\/www.alpenflugzentrum.de\/wordpress\/wp-content\/uploads\/2025\/06\/IMGP6406-2048x1365.jpg 2048w\" sizes=\"auto, (max-width: 1024px) 100vw, 1024px\" \/><\/a><\/figure>\n\n\n\n<p>Und wers Mikro kaputtmacht durch runterrei\u00dfen muss es auch heile machen&#8230; Nach ja, das Team hats mit Tesa schnellgefixt.<\/p>\n\n\n\n<p>Und wer mal good Airmanship sehen will: hier!<\/p>\n\n\n\n<figure class=\"wp-block-image size-large\"><a href=\"https:\/\/www.alpenflugzentrum.de\/wordpress\/wp-content\/uploads\/2025\/06\/IMGP6466-scaled.jpg\"><img loading=\"lazy\" decoding=\"async\" width=\"1024\" height=\"683\" src=\"https:\/\/www.alpenflugzentrum.de\/wordpress\/wp-content\/uploads\/2025\/06\/IMGP6466-1024x683.jpg\" alt=\"\" class=\"wp-image-7892\" srcset=\"https:\/\/www.alpenflugzentrum.de\/wordpress\/wp-content\/uploads\/2025\/06\/IMGP6466-1024x683.jpg 1024w, https:\/\/www.alpenflugzentrum.de\/wordpress\/wp-content\/uploads\/2025\/06\/IMGP6466-300x200.jpg 300w, https:\/\/www.alpenflugzentrum.de\/wordpress\/wp-content\/uploads\/2025\/06\/IMGP6466-768x512.jpg 768w, https:\/\/www.alpenflugzentrum.de\/wordpress\/wp-content\/uploads\/2025\/06\/IMGP6466-1536x1024.jpg 1536w, https:\/\/www.alpenflugzentrum.de\/wordpress\/wp-content\/uploads\/2025\/06\/IMGP6466-2048x1365.jpg 2048w\" sizes=\"auto, (max-width: 1024px) 100vw, 1024px\" \/><\/a><\/figure>\n\n\n\n<p>Einziges Problem heute: unser Wirt hatte bei der Nachfrage des Gyros wohl nicht mit dem Andrang gerechnet. Aber zu guter Letzt waren alle hungrigen M\u00e4uler gestopft!!!!<\/p>\n\n\n\n<p>K\u00f6chin Helleni und Ihr Mann Vasileios machten es m\u00f6glich.<\/p>\n\n\n\n<figure class=\"wp-block-image size-large\"><a href=\"https:\/\/www.alpenflugzentrum.de\/wordpress\/wp-content\/uploads\/2025\/06\/20250621_223208.jpg\"><img loading=\"lazy\" decoding=\"async\" width=\"1024\" height=\"768\" src=\"https:\/\/www.alpenflugzentrum.de\/wordpress\/wp-content\/uploads\/2025\/06\/20250621_223208-1024x768.jpg\" alt=\"\" class=\"wp-image-7900\" srcset=\"https:\/\/www.alpenflugzentrum.de\/wordpress\/wp-content\/uploads\/2025\/06\/20250621_223208-1024x768.jpg 1024w, https:\/\/www.alpenflugzentrum.de\/wordpress\/wp-content\/uploads\/2025\/06\/20250621_223208-300x225.jpg 300w, https:\/\/www.alpenflugzentrum.de\/wordpress\/wp-content\/uploads\/2025\/06\/20250621_223208-768x576.jpg 768w, https:\/\/www.alpenflugzentrum.de\/wordpress\/wp-content\/uploads\/2025\/06\/20250621_223208-1536x1152.jpg 1536w, https:\/\/www.alpenflugzentrum.de\/wordpress\/wp-content\/uploads\/2025\/06\/20250621_223208.jpg 1632w\" sizes=\"auto, (max-width: 1024px) 100vw, 1024px\" \/><\/a><\/figure>\n\n\n\n<figure class=\"wp-block-image size-large\"><a href=\"https:\/\/www.alpenflugzentrum.de\/wordpress\/wp-content\/uploads\/2025\/06\/20250621_215952.jpg\"><img loading=\"lazy\" decoding=\"async\" width=\"1024\" height=\"768\" src=\"https:\/\/www.alpenflugzentrum.de\/wordpress\/wp-content\/uploads\/2025\/06\/20250621_215952-1024x768.jpg\" alt=\"\" class=\"wp-image-7898\" srcset=\"https:\/\/www.alpenflugzentrum.de\/wordpress\/wp-content\/uploads\/2025\/06\/20250621_215952-1024x768.jpg 1024w, https:\/\/www.alpenflugzentrum.de\/wordpress\/wp-content\/uploads\/2025\/06\/20250621_215952-300x225.jpg 300w, https:\/\/www.alpenflugzentrum.de\/wordpress\/wp-content\/uploads\/2025\/06\/20250621_215952-768x576.jpg 768w, https:\/\/www.alpenflugzentrum.de\/wordpress\/wp-content\/uploads\/2025\/06\/20250621_215952-1536x1152.jpg 1536w, https:\/\/www.alpenflugzentrum.de\/wordpress\/wp-content\/uploads\/2025\/06\/20250621_215952.jpg 1632w\" sizes=\"auto, (max-width: 1024px) 100vw, 1024px\" \/><\/a><\/figure>\n\n\n\n<p><\/p>\n\n\n\n<p>Am Schluss noch mal die Lanze brechen f\u00fcr das Team vom FlyIn, diese Woche unterst\u00fctzt von Verena Schneeberger und am Spitzenbelastungstag heute durch Tochter Sophie. <\/p>\n\n\n\n<p>Dank f\u00fcr guten Speis und Trank!<\/p>\n\n\n\n<p>Das war es f\u00fcr dieses Jahr, bis zum n\u00e4chsten Mal.<\/p>\n\n\n\n<figure class=\"wp-block-image size-large\"><a href=\"https:\/\/www.alpenflugzentrum.de\/wordpress\/wp-content\/uploads\/2025\/06\/IMGP4618-scaled.jpg\"><img loading=\"lazy\" decoding=\"async\" width=\"1024\" height=\"678\" src=\"https:\/\/www.alpenflugzentrum.de\/wordpress\/wp-content\/uploads\/2025\/06\/IMGP4618-1024x678.jpg\" alt=\"\" class=\"wp-image-7893\" srcset=\"https:\/\/www.alpenflugzentrum.de\/wordpress\/wp-content\/uploads\/2025\/06\/IMGP4618-1024x678.jpg 1024w, https:\/\/www.alpenflugzentrum.de\/wordpress\/wp-content\/uploads\/2025\/06\/IMGP4618-300x199.jpg 300w, https:\/\/www.alpenflugzentrum.de\/wordpress\/wp-content\/uploads\/2025\/06\/IMGP4618-768x509.jpg 768w, https:\/\/www.alpenflugzentrum.de\/wordpress\/wp-content\/uploads\/2025\/06\/IMGP4618-1536x1017.jpg 1536w, https:\/\/www.alpenflugzentrum.de\/wordpress\/wp-content\/uploads\/2025\/06\/IMGP4618-2048x1356.jpg 2048w\" sizes=\"auto, (max-width: 1024px) 100vw, 1024px\" \/><\/a><\/figure>\n\n\n\n<p><\/p>\n\n\n\n<p><\/p>\n\n\n\n<p><\/p>\n\n\n\n<p><\/p>\n\n\n\n<p><\/p>\n\n\n\n<p><strong>Freitag &#8211; immer noch Techniksachen, die 113er Klasse hat Gewerkschaftsfunkger\u00e4te und wieso ist die 113er schneller als die offene Klasse???<\/strong><\/p>\n\n\n\n<figure class=\"wp-block-image size-large\"><a href=\"https:\/\/www.alpenflugzentrum.de\/wordpress\/wp-content\/uploads\/2025\/06\/IMGP6404-scaled.jpg\"><img loading=\"lazy\" decoding=\"async\" width=\"1024\" height=\"683\" src=\"https:\/\/www.alpenflugzentrum.de\/wordpress\/wp-content\/uploads\/2025\/06\/IMGP6404-1024x683.jpg\" alt=\"\" class=\"wp-image-7848\" srcset=\"https:\/\/www.alpenflugzentrum.de\/wordpress\/wp-content\/uploads\/2025\/06\/IMGP6404-1024x683.jpg 1024w, https:\/\/www.alpenflugzentrum.de\/wordpress\/wp-content\/uploads\/2025\/06\/IMGP6404-300x200.jpg 300w, https:\/\/www.alpenflugzentrum.de\/wordpress\/wp-content\/uploads\/2025\/06\/IMGP6404-768x512.jpg 768w, https:\/\/www.alpenflugzentrum.de\/wordpress\/wp-content\/uploads\/2025\/06\/IMGP6404-1536x1024.jpg 1536w, https:\/\/www.alpenflugzentrum.de\/wordpress\/wp-content\/uploads\/2025\/06\/IMGP6404-2048x1365.jpg 2048w\" sizes=\"auto, (max-width: 1024px) 100vw, 1024px\" \/><\/a><\/figure>\n\n\n\n<p>Manche Dinge dauern unendlich lange&#8230;diesen Jungs ist das Rad platt gegangen. F\u00fcr Ersatz konnten wir sorgen, aber zur Reparatur hie\u00df es, Nimbus 4 DM abbauen, Rad wechseln, Nimbus 4 DM wieder aufbauen&#8230;und der Startbetrieb l\u00e4uft schon&#8230;.<\/p>\n\n\n\n<figure class=\"wp-block-image size-large\"><a href=\"https:\/\/www.alpenflugzentrum.de\/wordpress\/wp-content\/uploads\/2025\/06\/IMGP6405-scaled.jpg\"><img loading=\"lazy\" decoding=\"async\" width=\"1024\" height=\"683\" src=\"https:\/\/www.alpenflugzentrum.de\/wordpress\/wp-content\/uploads\/2025\/06\/IMGP6405-1024x683.jpg\" alt=\"\" class=\"wp-image-7849\" srcset=\"https:\/\/www.alpenflugzentrum.de\/wordpress\/wp-content\/uploads\/2025\/06\/IMGP6405-1024x683.jpg 1024w, https:\/\/www.alpenflugzentrum.de\/wordpress\/wp-content\/uploads\/2025\/06\/IMGP6405-300x200.jpg 300w, https:\/\/www.alpenflugzentrum.de\/wordpress\/wp-content\/uploads\/2025\/06\/IMGP6405-768x512.jpg 768w, https:\/\/www.alpenflugzentrum.de\/wordpress\/wp-content\/uploads\/2025\/06\/IMGP6405-1536x1024.jpg 1536w, https:\/\/www.alpenflugzentrum.de\/wordpress\/wp-content\/uploads\/2025\/06\/IMGP6405-2048x1365.jpg 2048w\" sizes=\"auto, (max-width: 1024px) 100vw, 1024px\" \/><\/a><\/figure>\n\n\n\n<p>Quaxie machte da schon Feierabend. Heute hat er es den Piloten ins ermessen gestellt in der Luft zu entscheiden, ob man die Nordseite entlangfliegt. Ach was&#8230;    <\/p>\n\n\n\n<p>Technik ist auch ein Funkger\u00e4t, bei der Man\u00f6verkritik heute kam der Anwurf in die 113er Klasse, man m\u00f6ge doch bitte die Ohren aufsperren um das \u00f6ffnen der Startlinie mitzubekommen. Obwohl&#8230;gefunkt vom Boden, wiederholt vom Sprecher aus der Luft und in die WhatsApp-Gruppe gestellt. Hat man da Gewerkschaftfunkger\u00e4te??? War ja immerhin Feiertag gestern&#8230;<\/p>\n\n\n\n<figure class=\"wp-block-image size-large\"><a href=\"https:\/\/www.alpenflugzentrum.de\/wordpress\/wp-content\/uploads\/2025\/06\/IMGP4560-scaled.jpg\"><img loading=\"lazy\" decoding=\"async\" width=\"1024\" height=\"678\" src=\"https:\/\/www.alpenflugzentrum.de\/wordpress\/wp-content\/uploads\/2025\/06\/IMGP4560-1024x678.jpg\" alt=\"\" class=\"wp-image-7850\" srcset=\"https:\/\/www.alpenflugzentrum.de\/wordpress\/wp-content\/uploads\/2025\/06\/IMGP4560-1024x678.jpg 1024w, https:\/\/www.alpenflugzentrum.de\/wordpress\/wp-content\/uploads\/2025\/06\/IMGP4560-300x199.jpg 300w, https:\/\/www.alpenflugzentrum.de\/wordpress\/wp-content\/uploads\/2025\/06\/IMGP4560-768x509.jpg 768w, https:\/\/www.alpenflugzentrum.de\/wordpress\/wp-content\/uploads\/2025\/06\/IMGP4560-1536x1017.jpg 1536w, https:\/\/www.alpenflugzentrum.de\/wordpress\/wp-content\/uploads\/2025\/06\/IMGP4560-2048x1356.jpg 2048w\" sizes=\"auto, (max-width: 1024px) 100vw, 1024px\" \/><\/a><\/figure>\n\n\n\n<p>Autos leben die diesen AAC auch gef\u00e4hrlich. Opfer Nummer 3 diesmal Helfer Urgestein Werner vom FSV. Sein Auto wurde von einem anderen aufs Korn  genommen beim Ausparken, nochmal krummes Blech. <\/p>\n\n\n\n<p>Kommt mir bekannt vor, wenn auch unter anderen Vorzeichen.     <\/p>\n\n\n\n<p>Was uns alle beim essen bewegt hat ist das unser neues Dreamteam Schneeweis\/Hynek mit einem Duo in der 113er Klasse schneller unterwegs war als der schnellste der offenen Klasse&#8230;.<\/p>\n\n\n\n<p>Diverse Theorien sind in Umlauf, wobei sich noch keine als stichhaltig genug zu Verifizierung erwiesen hat (-:<\/p>\n\n\n\n<figure class=\"wp-block-image size-large\"><a href=\"https:\/\/www.alpenflugzentrum.de\/wordpress\/wp-content\/uploads\/2025\/06\/IMGP4564-scaled.jpg\"><img loading=\"lazy\" decoding=\"async\" width=\"1024\" height=\"678\" src=\"https:\/\/www.alpenflugzentrum.de\/wordpress\/wp-content\/uploads\/2025\/06\/IMGP4564-1024x678.jpg\" alt=\"\" class=\"wp-image-7851\" srcset=\"https:\/\/www.alpenflugzentrum.de\/wordpress\/wp-content\/uploads\/2025\/06\/IMGP4564-1024x678.jpg 1024w, https:\/\/www.alpenflugzentrum.de\/wordpress\/wp-content\/uploads\/2025\/06\/IMGP4564-300x199.jpg 300w, https:\/\/www.alpenflugzentrum.de\/wordpress\/wp-content\/uploads\/2025\/06\/IMGP4564-768x509.jpg 768w, https:\/\/www.alpenflugzentrum.de\/wordpress\/wp-content\/uploads\/2025\/06\/IMGP4564-1536x1017.jpg 1536w, https:\/\/www.alpenflugzentrum.de\/wordpress\/wp-content\/uploads\/2025\/06\/IMGP4564-2048x1356.jpg 2048w\" sizes=\"auto, (max-width: 1024px) 100vw, 1024px\" \/><\/a><\/figure>\n\n\n\n<p>Tja, so geht die Zeit dahin, auch dieses Jahr wieder. Beim Marsch ins Racing-B\u00fcro noch schnell ein Bild gemacht:<\/p>\n\n\n\n<figure class=\"wp-block-image size-large\"><a href=\"https:\/\/www.alpenflugzentrum.de\/wordpress\/wp-content\/uploads\/2025\/06\/20250620_201632-scaled.jpg\"><img loading=\"lazy\" decoding=\"async\" width=\"1024\" height=\"768\" src=\"https:\/\/www.alpenflugzentrum.de\/wordpress\/wp-content\/uploads\/2025\/06\/20250620_201632-1024x768.jpg\" alt=\"\" class=\"wp-image-7852\" srcset=\"https:\/\/www.alpenflugzentrum.de\/wordpress\/wp-content\/uploads\/2025\/06\/20250620_201632-1024x768.jpg 1024w, https:\/\/www.alpenflugzentrum.de\/wordpress\/wp-content\/uploads\/2025\/06\/20250620_201632-300x225.jpg 300w, https:\/\/www.alpenflugzentrum.de\/wordpress\/wp-content\/uploads\/2025\/06\/20250620_201632-768x576.jpg 768w, https:\/\/www.alpenflugzentrum.de\/wordpress\/wp-content\/uploads\/2025\/06\/20250620_201632-1536x1152.jpg 1536w, https:\/\/www.alpenflugzentrum.de\/wordpress\/wp-content\/uploads\/2025\/06\/20250620_201632-2048x1536.jpg 2048w\" sizes=\"auto, (max-width: 1024px) 100vw, 1024px\" \/><\/a><\/figure>\n\n\n\n<p>Morgen abend sind die alle schon wieder in ihren Boxen reisefertig verpackt. Meiner ist schon verstaut. Morgen ist es aus Erfahrung auch schon so stressig genug am finalen Tag. <\/p>\n\n\n\n<p>And save the Best for Last: Ute hatte heute Hummeln im Hintern, Platz 2 Gesamtwertung in der 113er und Siegerin der Damenwertung!!!!<\/p>\n\n\n\n<p>Gesamtplatz 4&#8230;.der Abstand zum 3. recht gro\u00df, aber man wei\u00df ja nie&#8230;<\/p>\n\n\n\n<p><strong>Donnerstag &#8211; was f\u00fcr ein Kraut raucht Quaxi eigentlich und technische Probleme der einen oder anderen Art. <\/strong> <\/p>\n\n\n\n<figure class=\"wp-block-image size-large\"><a href=\"https:\/\/www.alpenflugzentrum.de\/wordpress\/wp-content\/uploads\/2025\/06\/IMG-20250619-WA0000.jpg\"><img loading=\"lazy\" decoding=\"async\" width=\"1024\" height=\"576\" src=\"https:\/\/www.alpenflugzentrum.de\/wordpress\/wp-content\/uploads\/2025\/06\/IMG-20250619-WA0000-1024x576.jpg\" alt=\"\" class=\"wp-image-7818\" srcset=\"https:\/\/www.alpenflugzentrum.de\/wordpress\/wp-content\/uploads\/2025\/06\/IMG-20250619-WA0000-1024x576.jpg 1024w, https:\/\/www.alpenflugzentrum.de\/wordpress\/wp-content\/uploads\/2025\/06\/IMG-20250619-WA0000-300x169.jpg 300w, https:\/\/www.alpenflugzentrum.de\/wordpress\/wp-content\/uploads\/2025\/06\/IMG-20250619-WA0000-768x432.jpg 768w, https:\/\/www.alpenflugzentrum.de\/wordpress\/wp-content\/uploads\/2025\/06\/IMG-20250619-WA0000-1536x864.jpg 1536w, https:\/\/www.alpenflugzentrum.de\/wordpress\/wp-content\/uploads\/2025\/06\/IMG-20250619-WA0000.jpg 1600w\" sizes=\"auto, (max-width: 1024px) 100vw, 1024px\" \/><\/a><\/figure>\n\n\n\n<p>Also dieser Kollege Wettbewerbsleiter hat keine technischen Probleme -aber hochkonzentriert beim Kleben von Pinken-Au\u00dfenlande-K\u00fchen an Seitenleitwerke am Werke.<\/p>\n\n\n\n<p>Leider haben wir mittlerweile zwei Flieger weniger im Wettbewerb. Der nicht so ganz gute Acker hat einen gestern zum LTB Kunden gemacht und ein anderer darf arbeiten (w\u00fcrg).<\/p>\n\n\n\n<p>Auch heute hat es nochmal zugebissen, Seitenruderprobleme bei einem Teilnehmer, 2 x landen, H\u00f6henruder runter, aber im dritten Anlauf hat es dann doch noch geklappt!<\/p>\n\n\n\n<p>Die waren beim Start des Redaktionsflugzeuges heute noch beim werkeln. Beim fliegen war heut weinig werkeln. Zwei Impressionen, wenn ich schon entspannt bis hintern Wei\u00dfensee schipper muss das Wetter gut sein.<\/p>\n\n\n\n<figure class=\"wp-block-image size-large\"><a href=\"https:\/\/www.alpenflugzentrum.de\/wordpress\/wp-content\/uploads\/2025\/06\/20250619_152806-scaled.jpg\"><img loading=\"lazy\" decoding=\"async\" width=\"1024\" height=\"768\" src=\"https:\/\/www.alpenflugzentrum.de\/wordpress\/wp-content\/uploads\/2025\/06\/20250619_152806-1024x768.jpg\" alt=\"\" class=\"wp-image-7819\" srcset=\"https:\/\/www.alpenflugzentrum.de\/wordpress\/wp-content\/uploads\/2025\/06\/20250619_152806-1024x768.jpg 1024w, https:\/\/www.alpenflugzentrum.de\/wordpress\/wp-content\/uploads\/2025\/06\/20250619_152806-300x225.jpg 300w, https:\/\/www.alpenflugzentrum.de\/wordpress\/wp-content\/uploads\/2025\/06\/20250619_152806-768x576.jpg 768w, https:\/\/www.alpenflugzentrum.de\/wordpress\/wp-content\/uploads\/2025\/06\/20250619_152806-1536x1152.jpg 1536w, https:\/\/www.alpenflugzentrum.de\/wordpress\/wp-content\/uploads\/2025\/06\/20250619_152806-2048x1536.jpg 2048w\" sizes=\"auto, (max-width: 1024px) 100vw, 1024px\" \/><\/a><\/figure>\n\n\n\n<p>Und die Basis an der Turracher H\u00f6he macht ein ganz breites Grinsen ins Gesicht!<\/p>\n\n\n\n<figure class=\"wp-block-image size-large\"><a href=\"https:\/\/www.alpenflugzentrum.de\/wordpress\/wp-content\/uploads\/2025\/06\/20250619_164549-scaled.jpg\"><img loading=\"lazy\" decoding=\"async\" width=\"1024\" height=\"768\" src=\"https:\/\/www.alpenflugzentrum.de\/wordpress\/wp-content\/uploads\/2025\/06\/20250619_164549-1024x768.jpg\" alt=\"\" class=\"wp-image-7820\" srcset=\"https:\/\/www.alpenflugzentrum.de\/wordpress\/wp-content\/uploads\/2025\/06\/20250619_164549-1024x768.jpg 1024w, https:\/\/www.alpenflugzentrum.de\/wordpress\/wp-content\/uploads\/2025\/06\/20250619_164549-300x225.jpg 300w, https:\/\/www.alpenflugzentrum.de\/wordpress\/wp-content\/uploads\/2025\/06\/20250619_164549-768x576.jpg 768w, https:\/\/www.alpenflugzentrum.de\/wordpress\/wp-content\/uploads\/2025\/06\/20250619_164549-1536x1152.jpg 1536w, https:\/\/www.alpenflugzentrum.de\/wordpress\/wp-content\/uploads\/2025\/06\/20250619_164549-2048x1536.jpg 2048w\" sizes=\"auto, (max-width: 1024px) 100vw, 1024px\" \/><\/a><\/figure>\n\n\n\n<p>Aber was haben die Gerhard heut morgen in den Kaffee getan (vgl. Briefing Bericht)? Nordseite abgeschirmt und B\u00e4h ??? Beweisbild: Mitnichten!<\/p>\n\n\n\n<figure class=\"wp-block-image size-large\"><a href=\"https:\/\/www.alpenflugzentrum.de\/wordpress\/wp-content\/uploads\/2025\/06\/20250619_165211-scaled.jpg\"><img loading=\"lazy\" decoding=\"async\" width=\"1024\" height=\"768\" src=\"https:\/\/www.alpenflugzentrum.de\/wordpress\/wp-content\/uploads\/2025\/06\/20250619_165211-1024x768.jpg\" alt=\"\" class=\"wp-image-7821\" srcset=\"https:\/\/www.alpenflugzentrum.de\/wordpress\/wp-content\/uploads\/2025\/06\/20250619_165211-1024x768.jpg 1024w, https:\/\/www.alpenflugzentrum.de\/wordpress\/wp-content\/uploads\/2025\/06\/20250619_165211-300x225.jpg 300w, https:\/\/www.alpenflugzentrum.de\/wordpress\/wp-content\/uploads\/2025\/06\/20250619_165211-768x576.jpg 768w, https:\/\/www.alpenflugzentrum.de\/wordpress\/wp-content\/uploads\/2025\/06\/20250619_165211-1536x1152.jpg 1536w, https:\/\/www.alpenflugzentrum.de\/wordpress\/wp-content\/uploads\/2025\/06\/20250619_165211-2048x1536.jpg 2048w\" sizes=\"auto, (max-width: 1024px) 100vw, 1024px\" \/><\/a><\/figure>\n\n\n\n<p>Also vielleicht hilft ja geistiger Beistand&#8230;Der Dom zu Gurk ist ja nicht weit (am Boden wie aus der Luft&#8230;)<\/p>\n\n\n\n<figure class=\"wp-block-image size-large\"><a href=\"https:\/\/www.alpenflugzentrum.de\/wordpress\/wp-content\/uploads\/2025\/06\/20250619_174841-scaled.jpg\"><img loading=\"lazy\" decoding=\"async\" width=\"1024\" height=\"768\" src=\"https:\/\/www.alpenflugzentrum.de\/wordpress\/wp-content\/uploads\/2025\/06\/20250619_174841-1024x768.jpg\" alt=\"\" class=\"wp-image-7822\" srcset=\"https:\/\/www.alpenflugzentrum.de\/wordpress\/wp-content\/uploads\/2025\/06\/20250619_174841-1024x768.jpg 1024w, https:\/\/www.alpenflugzentrum.de\/wordpress\/wp-content\/uploads\/2025\/06\/20250619_174841-300x225.jpg 300w, https:\/\/www.alpenflugzentrum.de\/wordpress\/wp-content\/uploads\/2025\/06\/20250619_174841-768x576.jpg 768w, https:\/\/www.alpenflugzentrum.de\/wordpress\/wp-content\/uploads\/2025\/06\/20250619_174841-1536x1152.jpg 1536w, https:\/\/www.alpenflugzentrum.de\/wordpress\/wp-content\/uploads\/2025\/06\/20250619_174841-2048x1536.jpg 2048w\" sizes=\"auto, (max-width: 1024px) 100vw, 1024px\" \/><\/a><\/figure>\n\n\n\n<p> Und unsere ? Ute heut so grad nicht Top Ten, Tomasz direkt dahinter (hergeflogen!?). Steffi rumgekommen, aber leider ein wenig abgeschlagen.<\/p>\n\n\n\n<p>Aber wie es aussieht noch zwei Tage um aufzuholen! <\/p>\n\n\n\n<p>Die schnellste Libelle aller Zeiten war heut wieder da &#8211; die Scharte der Au\u00dfenlandung gestern wieder ausgewetzt- Tagessieg!    <\/p>\n\n\n\n<p><strong>Mittwoch &#8211; mir brennt die Krempe und Versorgungspunkt Hofer St. Johann Pongau.<\/strong> <\/p>\n\n\n\n<figure class=\"wp-block-image size-large\"><a href=\"https:\/\/www.alpenflugzentrum.de\/wordpress\/wp-content\/uploads\/2025\/06\/73fcabcd79fb4b22a68db560133a6994.jpg\"><img loading=\"lazy\" decoding=\"async\" width=\"1024\" height=\"768\" src=\"https:\/\/www.alpenflugzentrum.de\/wordpress\/wp-content\/uploads\/2025\/06\/73fcabcd79fb4b22a68db560133a6994-1024x768.jpg\" alt=\"\" class=\"wp-image-7787\" srcset=\"https:\/\/www.alpenflugzentrum.de\/wordpress\/wp-content\/uploads\/2025\/06\/73fcabcd79fb4b22a68db560133a6994-1024x768.jpg 1024w, https:\/\/www.alpenflugzentrum.de\/wordpress\/wp-content\/uploads\/2025\/06\/73fcabcd79fb4b22a68db560133a6994-300x225.jpg 300w, https:\/\/www.alpenflugzentrum.de\/wordpress\/wp-content\/uploads\/2025\/06\/73fcabcd79fb4b22a68db560133a6994-768x576.jpg 768w, https:\/\/www.alpenflugzentrum.de\/wordpress\/wp-content\/uploads\/2025\/06\/73fcabcd79fb4b22a68db560133a6994-1536x1152.jpg 1536w, https:\/\/www.alpenflugzentrum.de\/wordpress\/wp-content\/uploads\/2025\/06\/73fcabcd79fb4b22a68db560133a6994.jpg 1600w\" sizes=\"auto, (max-width: 1024px) 100vw, 1024px\" \/><\/a><\/figure>\n\n\n\n<p> Da war heut mehr los als auf einem Flugzeugtr\u00e4ger der US Navy&#8230;<\/p>\n\n\n\n<p>Der hat aber auch keinen  Hofer (Aldi f\u00fcr Nicht-\u00d6sterreicher) nebenan:<\/p>\n\n\n\n<figure class=\"wp-block-image size-large\"><a href=\"https:\/\/www.alpenflugzentrum.de\/wordpress\/wp-content\/uploads\/2025\/06\/IMG-20250618-WA0006.jpg\"><img loading=\"lazy\" decoding=\"async\" width=\"1024\" height=\"768\" src=\"https:\/\/www.alpenflugzentrum.de\/wordpress\/wp-content\/uploads\/2025\/06\/IMG-20250618-WA0006-1024x768.jpg\" alt=\"\" class=\"wp-image-7788\" srcset=\"https:\/\/www.alpenflugzentrum.de\/wordpress\/wp-content\/uploads\/2025\/06\/IMG-20250618-WA0006-1024x768.jpg 1024w, https:\/\/www.alpenflugzentrum.de\/wordpress\/wp-content\/uploads\/2025\/06\/IMG-20250618-WA0006-300x225.jpg 300w, https:\/\/www.alpenflugzentrum.de\/wordpress\/wp-content\/uploads\/2025\/06\/IMG-20250618-WA0006-768x576.jpg 768w, https:\/\/www.alpenflugzentrum.de\/wordpress\/wp-content\/uploads\/2025\/06\/IMG-20250618-WA0006-1536x1152.jpg 1536w, https:\/\/www.alpenflugzentrum.de\/wordpress\/wp-content\/uploads\/2025\/06\/IMG-20250618-WA0006.jpg 1600w\" sizes=\"auto, (max-width: 1024px) 100vw, 1024px\" \/><\/a><\/figure>\n\n\n\n<p>Was kann man zu so einem Tag sonst noch so sagen&#8230;voll Besch\u00e4ftigt mit den Pilotenportraits habe ich es danach endlich mal geschafft, den Kugelporsche f\u00fcr Wetterbilder zu l\u00fcften. Die Abk\u00fchlung tat Not, denn ersteres bedingte 1 1\/2 h in der Gluthitze in der N\u00e4he der Bahnhalbe Markierung im Gras zu hocken.  <\/p>\n\n\n\n<p>Daher gibt es jetzt mal ein paar \u00fcber gebliebene Bilder von der Aktion, frei nach dem Motto des gestrigen Tagessiegers 113er: Sch\u00f6n habt ihr es hier:<\/p>\n\n\n\n<figure class=\"wp-block-image size-large\"><a href=\"https:\/\/www.alpenflugzentrum.de\/wordpress\/wp-content\/uploads\/2025\/06\/20250618_155129-scaled.jpg\"><img loading=\"lazy\" decoding=\"async\" width=\"1024\" height=\"768\" src=\"https:\/\/www.alpenflugzentrum.de\/wordpress\/wp-content\/uploads\/2025\/06\/20250618_155129-1024x768.jpg\" alt=\"\" class=\"wp-image-7789\" srcset=\"https:\/\/www.alpenflugzentrum.de\/wordpress\/wp-content\/uploads\/2025\/06\/20250618_155129-1024x768.jpg 1024w, https:\/\/www.alpenflugzentrum.de\/wordpress\/wp-content\/uploads\/2025\/06\/20250618_155129-300x225.jpg 300w, https:\/\/www.alpenflugzentrum.de\/wordpress\/wp-content\/uploads\/2025\/06\/20250618_155129-768x576.jpg 768w, https:\/\/www.alpenflugzentrum.de\/wordpress\/wp-content\/uploads\/2025\/06\/20250618_155129-1536x1152.jpg 1536w, https:\/\/www.alpenflugzentrum.de\/wordpress\/wp-content\/uploads\/2025\/06\/20250618_155129-2048x1536.jpg 2048w\" sizes=\"auto, (max-width: 1024px) 100vw, 1024px\" \/><\/a><\/figure>\n\n\n\n<figure class=\"wp-block-image size-large\"><a href=\"https:\/\/www.alpenflugzentrum.de\/wordpress\/wp-content\/uploads\/2025\/06\/20250618_162126-scaled.jpg\"><img loading=\"lazy\" decoding=\"async\" width=\"1024\" height=\"768\" src=\"https:\/\/www.alpenflugzentrum.de\/wordpress\/wp-content\/uploads\/2025\/06\/20250618_162126-1024x768.jpg\" alt=\"\" class=\"wp-image-7790\" srcset=\"https:\/\/www.alpenflugzentrum.de\/wordpress\/wp-content\/uploads\/2025\/06\/20250618_162126-1024x768.jpg 1024w, https:\/\/www.alpenflugzentrum.de\/wordpress\/wp-content\/uploads\/2025\/06\/20250618_162126-300x225.jpg 300w, https:\/\/www.alpenflugzentrum.de\/wordpress\/wp-content\/uploads\/2025\/06\/20250618_162126-768x576.jpg 768w, https:\/\/www.alpenflugzentrum.de\/wordpress\/wp-content\/uploads\/2025\/06\/20250618_162126-1536x1152.jpg 1536w, https:\/\/www.alpenflugzentrum.de\/wordpress\/wp-content\/uploads\/2025\/06\/20250618_162126-2048x1536.jpg 2048w\" sizes=\"auto, (max-width: 1024px) 100vw, 1024px\" \/><\/a><\/figure>\n\n\n\n<figure class=\"wp-block-image size-large\"><a href=\"https:\/\/www.alpenflugzentrum.de\/wordpress\/wp-content\/uploads\/2025\/06\/20250618_170933-scaled.jpg\"><img loading=\"lazy\" decoding=\"async\" width=\"1024\" height=\"768\" src=\"https:\/\/www.alpenflugzentrum.de\/wordpress\/wp-content\/uploads\/2025\/06\/20250618_170933-1024x768.jpg\" alt=\"\" class=\"wp-image-7791\" srcset=\"https:\/\/www.alpenflugzentrum.de\/wordpress\/wp-content\/uploads\/2025\/06\/20250618_170933-1024x768.jpg 1024w, https:\/\/www.alpenflugzentrum.de\/wordpress\/wp-content\/uploads\/2025\/06\/20250618_170933-300x225.jpg 300w, https:\/\/www.alpenflugzentrum.de\/wordpress\/wp-content\/uploads\/2025\/06\/20250618_170933-768x576.jpg 768w, https:\/\/www.alpenflugzentrum.de\/wordpress\/wp-content\/uploads\/2025\/06\/20250618_170933-1536x1152.jpg 1536w, https:\/\/www.alpenflugzentrum.de\/wordpress\/wp-content\/uploads\/2025\/06\/20250618_170933-2048x1536.jpg 2048w\" sizes=\"auto, (max-width: 1024px) 100vw, 1024px\" \/><\/a><\/figure>\n\n\n\n<p>Und eine Vergr\u00f6\u00dferung des Ziellinien\u00fcberflugs (war mir zu Grobpixelig f\u00fcr &#8222;vorne&#8220;) <\/p>\n\n\n\n<figure class=\"wp-block-image size-large\"><a href=\"https:\/\/www.alpenflugzentrum.de\/wordpress\/wp-content\/uploads\/2025\/06\/20250618.1_173304.jpg\"><img loading=\"lazy\" decoding=\"async\" width=\"1024\" height=\"768\" src=\"https:\/\/www.alpenflugzentrum.de\/wordpress\/wp-content\/uploads\/2025\/06\/20250618.1_173304-1024x768.jpg\" alt=\"\" class=\"wp-image-7792\" srcset=\"https:\/\/www.alpenflugzentrum.de\/wordpress\/wp-content\/uploads\/2025\/06\/20250618.1_173304-1024x768.jpg 1024w, https:\/\/www.alpenflugzentrum.de\/wordpress\/wp-content\/uploads\/2025\/06\/20250618.1_173304-300x225.jpg 300w, https:\/\/www.alpenflugzentrum.de\/wordpress\/wp-content\/uploads\/2025\/06\/20250618.1_173304-768x576.jpg 768w, https:\/\/www.alpenflugzentrum.de\/wordpress\/wp-content\/uploads\/2025\/06\/20250618.1_173304.jpg 1507w\" sizes=\"auto, (max-width: 1024px) 100vw, 1024px\" \/><\/a><\/figure>\n\n\n\n<p>Madame Brockelt bei der Landung zum Wiederstart:<\/p>\n\n\n\n<figure class=\"wp-block-image size-large\"><a href=\"https:\/\/www.alpenflugzentrum.de\/wordpress\/wp-content\/uploads\/2025\/06\/IMGP6374-scaled.jpg\"><img loading=\"lazy\" decoding=\"async\" width=\"1024\" height=\"683\" src=\"https:\/\/www.alpenflugzentrum.de\/wordpress\/wp-content\/uploads\/2025\/06\/IMGP6374-1024x683.jpg\" alt=\"\" class=\"wp-image-7793\" srcset=\"https:\/\/www.alpenflugzentrum.de\/wordpress\/wp-content\/uploads\/2025\/06\/IMGP6374-1024x683.jpg 1024w, https:\/\/www.alpenflugzentrum.de\/wordpress\/wp-content\/uploads\/2025\/06\/IMGP6374-300x200.jpg 300w, https:\/\/www.alpenflugzentrum.de\/wordpress\/wp-content\/uploads\/2025\/06\/IMGP6374-768x512.jpg 768w, https:\/\/www.alpenflugzentrum.de\/wordpress\/wp-content\/uploads\/2025\/06\/IMGP6374-1536x1024.jpg 1536w, https:\/\/www.alpenflugzentrum.de\/wordpress\/wp-content\/uploads\/2025\/06\/IMGP6374-2048x1365.jpg 2048w\" sizes=\"auto, (max-width: 1024px) 100vw, 1024px\" \/><\/a><\/figure>\n\n\n\n<p> Das soll mal f\u00fcr heute um 21:30 Uhr reichen. Ich brauch noch ein Bier. <\/p>\n\n\n\n<p><strong>Dienstag &#8211; hatte ich gesagt da ist der Wurm drin&#8230;<\/strong><\/p>\n\n\n\n<p>Was heute funktioniert hat: Endlich sind mal alle Indexe &#8222;auf Stand&#8220;. Das war die letzten Tage ein Hin- und Her.<\/p>\n\n\n\n<p>Unser Besuch hat sich eingelebt und f\u00fchlt sich auch richtig wohl:<\/p>\n\n\n\n<figure class=\"wp-block-image size-large\"><a href=\"https:\/\/www.alpenflugzentrum.de\/wordpress\/wp-content\/uploads\/2025\/06\/IMGP6248-scaled.jpg\"><img loading=\"lazy\" decoding=\"async\" width=\"1024\" height=\"683\" src=\"https:\/\/www.alpenflugzentrum.de\/wordpress\/wp-content\/uploads\/2025\/06\/IMGP6248-1024x683.jpg\" alt=\"\" class=\"wp-image-7758\" srcset=\"https:\/\/www.alpenflugzentrum.de\/wordpress\/wp-content\/uploads\/2025\/06\/IMGP6248-1024x683.jpg 1024w, https:\/\/www.alpenflugzentrum.de\/wordpress\/wp-content\/uploads\/2025\/06\/IMGP6248-300x200.jpg 300w, https:\/\/www.alpenflugzentrum.de\/wordpress\/wp-content\/uploads\/2025\/06\/IMGP6248-768x512.jpg 768w, https:\/\/www.alpenflugzentrum.de\/wordpress\/wp-content\/uploads\/2025\/06\/IMGP6248-1536x1024.jpg 1536w, https:\/\/www.alpenflugzentrum.de\/wordpress\/wp-content\/uploads\/2025\/06\/IMGP6248-2048x1365.jpg 2048w\" sizes=\"auto, (max-width: 1024px) 100vw, 1024px\" \/><\/a><\/figure>\n\n\n\n<p>F\u00fcr die Nicht-Unterw\u00f6ssener und AFZler: der Limmer Hans hat 1953 mit fliegen angefangen und noch bis letztes Jahr seine ASW20 BL bewegt. Im stolzen Alter von 88 Jahren wurde sie im Fr\u00fchjahr verkauft. H\u00e4lt ihn aber nicht ab, mit seinem VW Bus noch umherzufahren und Flugplatzluft zu schnuppern.<\/p>\n\n\n\n<figure class=\"wp-block-image size-large\"><a href=\"https:\/\/www.alpenflugzentrum.de\/wordpress\/wp-content\/uploads\/2025\/06\/20250617_113621-scaled.jpg\"><img loading=\"lazy\" decoding=\"async\" width=\"768\" height=\"1024\" src=\"https:\/\/www.alpenflugzentrum.de\/wordpress\/wp-content\/uploads\/2025\/06\/20250617_113621-768x1024.jpg\" alt=\"\" class=\"wp-image-7759\" srcset=\"https:\/\/www.alpenflugzentrum.de\/wordpress\/wp-content\/uploads\/2025\/06\/20250617_113621-768x1024.jpg 768w, https:\/\/www.alpenflugzentrum.de\/wordpress\/wp-content\/uploads\/2025\/06\/20250617_113621-225x300.jpg 225w, https:\/\/www.alpenflugzentrum.de\/wordpress\/wp-content\/uploads\/2025\/06\/20250617_113621-1152x1536.jpg 1152w, https:\/\/www.alpenflugzentrum.de\/wordpress\/wp-content\/uploads\/2025\/06\/20250617_113621-1536x2048.jpg 1536w, https:\/\/www.alpenflugzentrum.de\/wordpress\/wp-content\/uploads\/2025\/06\/20250617_113621-scaled.jpg 1920w\" sizes=\"auto, (max-width: 768px) 100vw, 768px\" \/><\/a><\/figure>\n\n\n\n<p>Steffi hat ihr Fahrrad-Malheur von gestern gut \u00fcberstanden, hier noch geschient mit Verband und Tape hatte sie heute -trotz 0 Km in der Wertung  einen sch\u00f6nen 2 1\/2 h Flug. Sie war die Vort\u00e4nzerin der Villach-Dobratsch Ausrei\u00dfer, und somit aus dem Mist des Mittags dann doch noch was rausgeholt.<\/p>\n\n\n\n<p>Ich hatte meinen Kugelporsche auch schon vollger\u00e4umt &#8211; und nachher wieder ausger\u00e4umt. Zwischendrin bin ich in die Bresche gesprungen und hab einen fehlenden Starthelfer ersetzt. Daher auch heut weniger Bilder als sonst. <\/p>\n\n\n\n<p>Ute hat mir ein Bild von vor ihrer Landung \u00fcberlassen, und Bilder sagen ja bekanntlich mehr als 1000 Worte:<\/p>\n\n\n\n<figure class=\"wp-block-image size-large\"><a href=\"https:\/\/www.alpenflugzentrum.de\/wordpress\/wp-content\/uploads\/2025\/06\/IMG-20250617-WA0004.jpg\"><img loading=\"lazy\" decoding=\"async\" width=\"1024\" height=\"576\" src=\"https:\/\/www.alpenflugzentrum.de\/wordpress\/wp-content\/uploads\/2025\/06\/IMG-20250617-WA0004-1024x576.jpg\" alt=\"\" class=\"wp-image-7760\" srcset=\"https:\/\/www.alpenflugzentrum.de\/wordpress\/wp-content\/uploads\/2025\/06\/IMG-20250617-WA0004-1024x576.jpg 1024w, https:\/\/www.alpenflugzentrum.de\/wordpress\/wp-content\/uploads\/2025\/06\/IMG-20250617-WA0004-300x169.jpg 300w, https:\/\/www.alpenflugzentrum.de\/wordpress\/wp-content\/uploads\/2025\/06\/IMG-20250617-WA0004-768x432.jpg 768w, https:\/\/www.alpenflugzentrum.de\/wordpress\/wp-content\/uploads\/2025\/06\/IMG-20250617-WA0004-1536x864.jpg 1536w, https:\/\/www.alpenflugzentrum.de\/wordpress\/wp-content\/uploads\/2025\/06\/IMG-20250617-WA0004.jpg 2040w\" sizes=\"auto, (max-width: 1024px) 100vw, 1024px\" \/><\/a><\/figure>\n\n\n\n<p>Blick nach Westen gegen 13:15 Uhr&#8230;<\/p>\n\n\n\n<p>So, noch zum Ausgleich ein Landebild von der offenen Klasse:<\/p>\n\n\n\n<figure class=\"wp-block-image size-large\"><a href=\"https:\/\/www.alpenflugzentrum.de\/wordpress\/wp-content\/uploads\/2025\/06\/IMGP4468-scaled.jpg\"><img loading=\"lazy\" decoding=\"async\" width=\"1024\" height=\"678\" src=\"https:\/\/www.alpenflugzentrum.de\/wordpress\/wp-content\/uploads\/2025\/06\/IMGP4468-1024x678.jpg\" alt=\"\" class=\"wp-image-7761\" srcset=\"https:\/\/www.alpenflugzentrum.de\/wordpress\/wp-content\/uploads\/2025\/06\/IMGP4468-1024x678.jpg 1024w, https:\/\/www.alpenflugzentrum.de\/wordpress\/wp-content\/uploads\/2025\/06\/IMGP4468-300x199.jpg 300w, https:\/\/www.alpenflugzentrum.de\/wordpress\/wp-content\/uploads\/2025\/06\/IMGP4468-768x509.jpg 768w, https:\/\/www.alpenflugzentrum.de\/wordpress\/wp-content\/uploads\/2025\/06\/IMGP4468-1536x1017.jpg 1536w, https:\/\/www.alpenflugzentrum.de\/wordpress\/wp-content\/uploads\/2025\/06\/IMGP4468-2048x1356.jpg 2048w\" sizes=\"auto, (max-width: 1024px) 100vw, 1024px\" \/><\/a><\/figure>\n\n\n\n<p> Ich grill heut bei Campus Bavarensis auf dem Campingplatz mit und bin dann mal weg&#8230;        <\/p>\n\n\n\n<p><strong>Montag &#8211; irgendwie der Wurm drin&#8230;<\/strong><\/p>\n\n\n\n<figure class=\"wp-block-image size-large\"><a href=\"https:\/\/www.alpenflugzentrum.de\/wordpress\/wp-content\/uploads\/2025\/06\/IMGP6243-1.jpg\"><img loading=\"lazy\" decoding=\"async\" width=\"1024\" height=\"683\" src=\"https:\/\/www.alpenflugzentrum.de\/wordpress\/wp-content\/uploads\/2025\/06\/IMGP6243-1-1024x683.jpg\" alt=\"\" class=\"wp-image-7729\" srcset=\"https:\/\/www.alpenflugzentrum.de\/wordpress\/wp-content\/uploads\/2025\/06\/IMGP6243-1-1024x683.jpg 1024w, https:\/\/www.alpenflugzentrum.de\/wordpress\/wp-content\/uploads\/2025\/06\/IMGP6243-1-300x200.jpg 300w, https:\/\/www.alpenflugzentrum.de\/wordpress\/wp-content\/uploads\/2025\/06\/IMGP6243-1-768x512.jpg 768w, https:\/\/www.alpenflugzentrum.de\/wordpress\/wp-content\/uploads\/2025\/06\/IMGP6243-1-1536x1024.jpg 1536w, https:\/\/www.alpenflugzentrum.de\/wordpress\/wp-content\/uploads\/2025\/06\/IMGP6243-1.jpg 1737w\" sizes=\"auto, (max-width: 1024px) 100vw, 1024px\" \/><\/a><\/figure>\n\n\n\n<p>Ja, der Quaxi hatte heut eher nicht so den besten. Aber hey, 50:50 hei\u00dft, dass es auch mal nicht klappen kann.<\/p>\n\n\n\n<p>Da es ab morgen bis zum Ende am Samstag wohl nach Dauer-Fliegen aussieht, erste und letzte Chance mal nach Villach zum (M\u00e4nner-)Shoppen zu fahren: u.a. Camping Falle und Ein Euro Shop. <\/p>\n\n\n\n<p>Schlie\u00dflich muss der Wohnkoffer auf dem Unimog ja mal fertig werden (-:<\/p>\n\n\n\n<figure class=\"wp-block-image size-large\"><a href=\"https:\/\/www.alpenflugzentrum.de\/wordpress\/wp-content\/uploads\/2025\/06\/20250616_165308.jpg\"><img loading=\"lazy\" decoding=\"async\" width=\"1024\" height=\"768\" src=\"https:\/\/www.alpenflugzentrum.de\/wordpress\/wp-content\/uploads\/2025\/06\/20250616_165308-1024x768.jpg\" alt=\"\" class=\"wp-image-7731\" srcset=\"https:\/\/www.alpenflugzentrum.de\/wordpress\/wp-content\/uploads\/2025\/06\/20250616_165308-1024x768.jpg 1024w, https:\/\/www.alpenflugzentrum.de\/wordpress\/wp-content\/uploads\/2025\/06\/20250616_165308-300x225.jpg 300w, https:\/\/www.alpenflugzentrum.de\/wordpress\/wp-content\/uploads\/2025\/06\/20250616_165308-768x576.jpg 768w, https:\/\/www.alpenflugzentrum.de\/wordpress\/wp-content\/uploads\/2025\/06\/20250616_165308-1536x1152.jpg 1536w, https:\/\/www.alpenflugzentrum.de\/wordpress\/wp-content\/uploads\/2025\/06\/20250616_165308.jpg 1632w\" sizes=\"auto, (max-width: 1024px) 100vw, 1024px\" \/><\/a><\/figure>\n\n\n\n<p>So nebenher: Optik in Villach gen Westen so um 17 Uhr. Da h\u00e4tte die 113er Klasse um die Zeit lang gemusst.<\/p>\n\n\n\n<p>Nach R\u00fcckkehr in Feldkirchen mal am Platz vorbeigeschaut: Wir haben Besuch aus Bayern. Dazu morgen mehr.<\/p>\n\n\n\n<p>Und Steffi hat beim Mountainbiking in die Braune Masse gegriffen. Mal sehen wie es ihr morgen geht. Wird so langsam ne Serie&#8230;A6, Fl\u00e4chenrad, Fahrradsturz&#8230;<\/p>\n\n\n\n<p><strong>Sonntag &#8211; von allen guten Geistern verlassen oder das n\u00e4chste angetischte KFZ und ein Blick in die Seele der Piloten<\/strong><\/p>\n\n\n\n<figure class=\"wp-block-image size-large\"><a href=\"https:\/\/www.alpenflugzentrum.de\/wordpress\/wp-content\/uploads\/2025\/06\/B4.jpg\"><img loading=\"lazy\" decoding=\"async\" width=\"1024\" height=\"768\" src=\"https:\/\/www.alpenflugzentrum.de\/wordpress\/wp-content\/uploads\/2025\/06\/B4-1024x768.jpg\" alt=\"\" class=\"wp-image-7698\" srcset=\"https:\/\/www.alpenflugzentrum.de\/wordpress\/wp-content\/uploads\/2025\/06\/B4-1024x768.jpg 1024w, https:\/\/www.alpenflugzentrum.de\/wordpress\/wp-content\/uploads\/2025\/06\/B4-300x225.jpg 300w, https:\/\/www.alpenflugzentrum.de\/wordpress\/wp-content\/uploads\/2025\/06\/B4-768x576.jpg 768w, https:\/\/www.alpenflugzentrum.de\/wordpress\/wp-content\/uploads\/2025\/06\/B4-1536x1152.jpg 1536w, https:\/\/www.alpenflugzentrum.de\/wordpress\/wp-content\/uploads\/2025\/06\/B4.jpg 2000w\" sizes=\"auto, (max-width: 1024px) 100vw, 1024px\" \/><\/a><\/figure>\n\n\n\n<figure class=\"wp-block-image size-large\"><a href=\"https:\/\/www.alpenflugzentrum.de\/wordpress\/wp-content\/uploads\/2025\/06\/B5.jpg\"><img loading=\"lazy\" decoding=\"async\" width=\"1024\" height=\"768\" src=\"https:\/\/www.alpenflugzentrum.de\/wordpress\/wp-content\/uploads\/2025\/06\/B5-1024x768.jpg\" alt=\"\" class=\"wp-image-7699\" srcset=\"https:\/\/www.alpenflugzentrum.de\/wordpress\/wp-content\/uploads\/2025\/06\/B5-1024x768.jpg 1024w, https:\/\/www.alpenflugzentrum.de\/wordpress\/wp-content\/uploads\/2025\/06\/B5-300x225.jpg 300w, https:\/\/www.alpenflugzentrum.de\/wordpress\/wp-content\/uploads\/2025\/06\/B5-768x576.jpg 768w, https:\/\/www.alpenflugzentrum.de\/wordpress\/wp-content\/uploads\/2025\/06\/B5-1536x1152.jpg 1536w, https:\/\/www.alpenflugzentrum.de\/wordpress\/wp-content\/uploads\/2025\/06\/B5.jpg 2000w\" sizes=\"auto, (max-width: 1024px) 100vw, 1024px\" \/><\/a><\/figure>\n\n\n\n<p>Der fr\u00fche Morgen hatte bei der Startaufstellung erst mal das schnelle Ableben von Tomasz Fl\u00e4chenrad zu beklagen. Aus Datenschutzgr\u00fcnden sei nur soviel dazu gesagt, dass das ein AFZ interner Vorgang war und ein weiteres KFZ dabei ein wenig Lack gelassen hat.<\/p>\n\n\n\n<p>Allerdings hat der findige Wettbewerbspilot eine Ersatzgabel und ein Ersatzrad im Auto&#8230; (das nenn ich mal Vorbereitung \/ oder ist man einfach auf nicht ausgeschlafene R\u00fcckholer vorbereitet???)<\/p>\n\n\n\n<p>Mentale Stabilit\u00e4t bei Wettbewerbspiloten scheint sogar schon an der Uni Klagenfurt ein Thema zu sein, mit Tanja wurde uns beim Briefing eine Studentin der Sportpsychologie ebenjener Einrichtung vorgestellt. Sie will mit 3 Kommiltonen nicht etwa das Herdenverhalten von Wettbewerbspiloten erforschen (w\u00e4r auch mal eine Studie wert), sondern wie sich Piloten mental in ihren Fl\u00fcgen geben: sind sie im &#8222;Flow&#8220; oder kommen sie unter Druck? Sonst bei Sportlern gut erforscht, bei Segelfliegers noch nicht. <\/p>\n\n\n\n<p>Ob dabei nicht am Ende der Blick in den Abgrund steht&#8230;. (-:<\/p>\n\n\n\n<p>Auf jeden Fall hat sie ihre 30 Aspiranten wohl zusammen bekommen, das Ergebnis wird dem FSV Feldkirchen als Poster geschickt. Na Servas&#8230;<\/p>\n\n\n\n<figure class=\"wp-block-image size-large\"><a href=\"https:\/\/www.alpenflugzentrum.de\/wordpress\/wp-content\/uploads\/2025\/06\/B3-1-scaled.jpg\"><img loading=\"lazy\" decoding=\"async\" width=\"1024\" height=\"678\" src=\"https:\/\/www.alpenflugzentrum.de\/wordpress\/wp-content\/uploads\/2025\/06\/B3-1-1024x678.jpg\" alt=\"\" class=\"wp-image-7700\" srcset=\"https:\/\/www.alpenflugzentrum.de\/wordpress\/wp-content\/uploads\/2025\/06\/B3-1-1024x678.jpg 1024w, https:\/\/www.alpenflugzentrum.de\/wordpress\/wp-content\/uploads\/2025\/06\/B3-1-300x199.jpg 300w, https:\/\/www.alpenflugzentrum.de\/wordpress\/wp-content\/uploads\/2025\/06\/B3-1-768x509.jpg 768w, https:\/\/www.alpenflugzentrum.de\/wordpress\/wp-content\/uploads\/2025\/06\/B3-1-1536x1017.jpg 1536w, https:\/\/www.alpenflugzentrum.de\/wordpress\/wp-content\/uploads\/2025\/06\/B3-1-2048x1356.jpg 2048w\" sizes=\"auto, (max-width: 1024px) 100vw, 1024px\" \/><\/a><\/figure>\n\n\n\n<p>Ute war heute bestimmt am Start im Flow, hatte sie doch heute die Remo zum schleppen und eines der K\u00e4rntner Urgesteine im Cockpit. <\/p>\n\n\n\n<p>Mit bisher zumindest unter den Top 10 scheint das mit dem Flow auch funktioniert zu haben&#8230;<\/p>\n\n\n\n<figure class=\"wp-block-image size-large\"><a href=\"https:\/\/www.alpenflugzentrum.de\/wordpress\/wp-content\/uploads\/2025\/06\/B9-scaled.jpg\"><img loading=\"lazy\" decoding=\"async\" width=\"1024\" height=\"678\" src=\"https:\/\/www.alpenflugzentrum.de\/wordpress\/wp-content\/uploads\/2025\/06\/B9-1024x678.jpg\" alt=\"\" class=\"wp-image-7702\" srcset=\"https:\/\/www.alpenflugzentrum.de\/wordpress\/wp-content\/uploads\/2025\/06\/B9-1024x678.jpg 1024w, https:\/\/www.alpenflugzentrum.de\/wordpress\/wp-content\/uploads\/2025\/06\/B9-300x199.jpg 300w, https:\/\/www.alpenflugzentrum.de\/wordpress\/wp-content\/uploads\/2025\/06\/B9-768x509.jpg 768w, https:\/\/www.alpenflugzentrum.de\/wordpress\/wp-content\/uploads\/2025\/06\/B9-1536x1017.jpg 1536w, https:\/\/www.alpenflugzentrum.de\/wordpress\/wp-content\/uploads\/2025\/06\/B9-2048x1356.jpg 2048w\" sizes=\"auto, (max-width: 1024px) 100vw, 1024px\" \/><\/a><\/figure>\n\n\n\n<p>Steffi hingegen war eher am Maulen, irgendwie sah sie sich so, zielsicher an den guten B\u00e4rten vorbei geflogen zu sein.  Aber immerhin Platz 2 in der Damenwertung. Die diesmal \u00fcbrigens eine echte ist, sind doch auch 3 am Start.  <\/p>\n\n\n\n<figure class=\"wp-block-image size-large\"><a href=\"https:\/\/www.alpenflugzentrum.de\/wordpress\/wp-content\/uploads\/2025\/06\/IMGP4433-1-scaled.jpg\"><img loading=\"lazy\" decoding=\"async\" width=\"1024\" height=\"678\" src=\"https:\/\/www.alpenflugzentrum.de\/wordpress\/wp-content\/uploads\/2025\/06\/IMGP4433-1-1024x678.jpg\" alt=\"\" class=\"wp-image-7701\" srcset=\"https:\/\/www.alpenflugzentrum.de\/wordpress\/wp-content\/uploads\/2025\/06\/IMGP4433-1-1024x678.jpg 1024w, https:\/\/www.alpenflugzentrum.de\/wordpress\/wp-content\/uploads\/2025\/06\/IMGP4433-1-300x199.jpg 300w, https:\/\/www.alpenflugzentrum.de\/wordpress\/wp-content\/uploads\/2025\/06\/IMGP4433-1-768x509.jpg 768w, https:\/\/www.alpenflugzentrum.de\/wordpress\/wp-content\/uploads\/2025\/06\/IMGP4433-1-1536x1017.jpg 1536w, https:\/\/www.alpenflugzentrum.de\/wordpress\/wp-content\/uploads\/2025\/06\/IMGP4433-1-2048x1356.jpg 2048w\" sizes=\"auto, (max-width: 1024px) 100vw, 1024px\" \/><\/a><\/figure>\n\n\n\n<p>&#8230;so gegen Ende der ganzen Landerei rollte dann noch ein Gespann in Richtung Gewitter, da war dann erkl\u00e4rlich warum sich ein Piktogramm station\u00e4r nicht bewegte.<\/p>\n\n\n\n<figure class=\"wp-block-image size-large\"><a href=\"https:\/\/www.alpenflugzentrum.de\/wordpress\/wp-content\/uploads\/2025\/06\/Screenshot_20250615_170728_Samsung-Internet.jpg\"><img loading=\"lazy\" decoding=\"async\" width=\"473\" height=\"1024\" src=\"https:\/\/www.alpenflugzentrum.de\/wordpress\/wp-content\/uploads\/2025\/06\/Screenshot_20250615_170728_Samsung-Internet-473x1024.jpg\" alt=\"\" class=\"wp-image-7703\" srcset=\"https:\/\/www.alpenflugzentrum.de\/wordpress\/wp-content\/uploads\/2025\/06\/Screenshot_20250615_170728_Samsung-Internet-473x1024.jpg 473w, https:\/\/www.alpenflugzentrum.de\/wordpress\/wp-content\/uploads\/2025\/06\/Screenshot_20250615_170728_Samsung-Internet-138x300.jpg 138w, https:\/\/www.alpenflugzentrum.de\/wordpress\/wp-content\/uploads\/2025\/06\/Screenshot_20250615_170728_Samsung-Internet-768x1664.jpg 768w, https:\/\/www.alpenflugzentrum.de\/wordpress\/wp-content\/uploads\/2025\/06\/Screenshot_20250615_170728_Samsung-Internet-709x1536.jpg 709w, https:\/\/www.alpenflugzentrum.de\/wordpress\/wp-content\/uploads\/2025\/06\/Screenshot_20250615_170728_Samsung-Internet-945x2048.jpg 945w, https:\/\/www.alpenflugzentrum.de\/wordpress\/wp-content\/uploads\/2025\/06\/Screenshot_20250615_170728_Samsung-Internet.jpg 1080w\" sizes=\"auto, (max-width: 473px) 100vw, 473px\" \/><\/a><\/figure>\n\n\n\n<p>Ich tippe mal auf Sicherheitslandung vor dem Gewitter, trotz Motor an Bord. So eine Entscheidung ist immer die richtige!<\/p>\n\n\n\n<p>Auch Guido ist wieder aus Zell am See aufgetaucht, leider geht es nach den Regeln nicht den Flug aus dem Schlepp zu beginnen. Daf\u00fcr h\u00e4tte der Motor zwischendrin gezogen werden m\u00fcssen. Da der aber ja gestern mit Defekt in Zell am See f\u00fcr eine Landung ebendort gesorgt hatte &#8211; war heute bei ihm und seiner Frau ein Spazierenflug au\u00dfer Konkurrenz angesagt. <\/p>\n\n\n\n<p>Schweizer sind halt meist l\u00e4ssig und entspannt.            <\/p>\n\n\n\n<p><strong>Samstag &#8211; mit Gottes Hilfe zum Sieg oder durch Gl\u00fcck?<\/strong><\/p>\n\n\n\n<figure class=\"wp-block-image size-large\"><a href=\"https:\/\/www.alpenflugzentrum.de\/wordpress\/wp-content\/uploads\/2025\/06\/B2-scaled.jpg\"><img loading=\"lazy\" decoding=\"async\" width=\"678\" height=\"1024\" src=\"https:\/\/www.alpenflugzentrum.de\/wordpress\/wp-content\/uploads\/2025\/06\/B2-678x1024.jpg\" alt=\"\" class=\"wp-image-7664\" srcset=\"https:\/\/www.alpenflugzentrum.de\/wordpress\/wp-content\/uploads\/2025\/06\/B2-678x1024.jpg 678w, https:\/\/www.alpenflugzentrum.de\/wordpress\/wp-content\/uploads\/2025\/06\/B2-199x300.jpg 199w, https:\/\/www.alpenflugzentrum.de\/wordpress\/wp-content\/uploads\/2025\/06\/B2-768x1160.jpg 768w, https:\/\/www.alpenflugzentrum.de\/wordpress\/wp-content\/uploads\/2025\/06\/B2-1017x1536.jpg 1017w, https:\/\/www.alpenflugzentrum.de\/wordpress\/wp-content\/uploads\/2025\/06\/B2-1356x2048.jpg 1356w, https:\/\/www.alpenflugzentrum.de\/wordpress\/wp-content\/uploads\/2025\/06\/B2-scaled.jpg 1696w\" sizes=\"auto, (max-width: 678px) 100vw, 678px\" \/><\/a><\/figure>\n\n\n\n<p>Ein St\u00fcck weit von beidem offensichtlich heute, die Hitzeschlacht endete f\u00fcr alle in der kleinen und die meisten in der offenen Klasse mit Aufgeben&#8230;<\/p>\n\n\n\n<p>Ausnahme bei den Kleinen der David, er wurde vom Strand des Ossiacher See (gute Ortswahl, echt!) beim herumturnen in niedriger H\u00f6he beobachtet. Laaaange Zeit. Das Gl\u00fcck ist mit den Geduldigen!<\/p>\n\n\n\n<figure class=\"wp-block-image size-large\"><a href=\"https:\/\/www.alpenflugzentrum.de\/wordpress\/wp-content\/uploads\/2025\/06\/B1-scaled.jpg\"><img loading=\"lazy\" decoding=\"async\" width=\"1024\" height=\"678\" src=\"https:\/\/www.alpenflugzentrum.de\/wordpress\/wp-content\/uploads\/2025\/06\/B1-1024x678.jpg\" alt=\"\" class=\"wp-image-7665\" srcset=\"https:\/\/www.alpenflugzentrum.de\/wordpress\/wp-content\/uploads\/2025\/06\/B1-1024x678.jpg 1024w, https:\/\/www.alpenflugzentrum.de\/wordpress\/wp-content\/uploads\/2025\/06\/B1-300x199.jpg 300w, https:\/\/www.alpenflugzentrum.de\/wordpress\/wp-content\/uploads\/2025\/06\/B1-768x509.jpg 768w, https:\/\/www.alpenflugzentrum.de\/wordpress\/wp-content\/uploads\/2025\/06\/B1-1536x1017.jpg 1536w, https:\/\/www.alpenflugzentrum.de\/wordpress\/wp-content\/uploads\/2025\/06\/B1-2048x1356.jpg 2048w\" sizes=\"auto, (max-width: 1024px) 100vw, 1024px\" \/><\/a><\/figure>\n\n\n\n<p> Geduld brauchte unsere Ute heut auch, denn sie hatte beim Schlepp zwar mit Markus einen charmanten Piloten, aber mit der Diamond DA 40 bei den Temperaturen die Steigbremse erwischt&#8230;  <\/p>\n\n\n\n<p>Geholfen hat die l\u00e4ngere Vorbereitungszeit aufs Ausklinken nicht, Steigen gabs nachher auch wenig. <\/p>\n\n\n\n<p>Tomasz ist auch aufgetaucht, des R\u00e4tsels L\u00f6sung: er ist jetzt Vereinsmitglied nebenan in St. Johann\/Tirol. Ja dann&#8230;<\/p>\n\n\n\n<p>Zum fotografieren ging es heut an die Tiffenkirche. Erstaunlich wie angenehm es im Vergleich zum Platz hier war. Obwohl nur gut 200m h\u00f6her doch angenhemere Temperaturen. <\/p>\n\n\n\n<figure class=\"wp-block-image size-large\"><a href=\"https:\/\/www.alpenflugzentrum.de\/wordpress\/wp-content\/uploads\/2025\/06\/B3-scaled.jpg\"><img loading=\"lazy\" decoding=\"async\" width=\"1024\" height=\"683\" src=\"https:\/\/www.alpenflugzentrum.de\/wordpress\/wp-content\/uploads\/2025\/06\/B3-1024x683.jpg\" alt=\"\" class=\"wp-image-7666\" srcset=\"https:\/\/www.alpenflugzentrum.de\/wordpress\/wp-content\/uploads\/2025\/06\/B3-1024x683.jpg 1024w, https:\/\/www.alpenflugzentrum.de\/wordpress\/wp-content\/uploads\/2025\/06\/B3-300x200.jpg 300w, https:\/\/www.alpenflugzentrum.de\/wordpress\/wp-content\/uploads\/2025\/06\/B3-768x512.jpg 768w, https:\/\/www.alpenflugzentrum.de\/wordpress\/wp-content\/uploads\/2025\/06\/B3-1536x1024.jpg 1536w, https:\/\/www.alpenflugzentrum.de\/wordpress\/wp-content\/uploads\/2025\/06\/B3-2048x1365.jpg 2048w\" sizes=\"auto, (max-width: 1024px) 100vw, 1024px\" \/><\/a><\/figure>\n\n\n\n<p>Allerdings war der Gefiederte Kollege, den ich dort angetroffen habe, reichlich verwirrt. Denn all das Motorisierte und Nicht-Motorisierte Herumgeschwirre rund um die Tiffen hat ihn wohl leicht kirre gemacht.  <\/p>\n\n\n\n<p>Aktuell (20:15) warten wir auch noch auf ein Teilnehmer-Urgestein: Guido hatte wohl auf der Nordseite den Motor n\u00f6tig; der wollte nicht so richtig. In Zell am See gelandet sieht es so aus, als h\u00e4tte er von dort aus einen R\u00fcckschlepp organisiert. Unsere Schleppis fielen f\u00fcr die Aktion leider aus&#8230;. <\/p>\n\n\n\n<p><strong>Vorgepl\u00e4nkel<\/strong><\/p>\n\n\n\n<p id=\"block-f7ae8ef2-1208-44fc-96b5-86b2c0dc5f72\">Servus zum t\u00e4glichen Wahnsinn des Drumherums bei einem Gro\u00dfwettbewerb, zu dem sich der AAC mittlerweile gemausert hat. 47 Flugzeuge sind echt eine Ansage.  <\/p>\n\n\n\n<p>Ich hab mir hier als Urlauber seit Sonntag die Ruhe vor dem Sturm gegeben und bin ein wenig in der Gegend herumgeflogen. Das hat einen Tag ganz gut funktioniert, zwei Tage leidlich. Obenbleiben war alles. Bei Sichten unter alles Sau&#8230;.  <\/p>\n\n\n\n<p>Und am Freitag den 13. hab ich den Tag \u00fcber au\u00dfer gscheid daherreden (kann ich ja gut&#8230;) nicht viel gemacht. Denn der Abend des 12. hat den Urlaub schon eh teuer gemacht.<\/p>\n\n\n\n<figure class=\"wp-block-image size-large\"><a href=\"https:\/\/www.alpenflugzentrum.de\/wordpress\/wp-content\/uploads\/2025\/06\/20250613_105353.jpg\"><img loading=\"lazy\" decoding=\"async\" width=\"768\" height=\"1024\" src=\"https:\/\/www.alpenflugzentrum.de\/wordpress\/wp-content\/uploads\/2025\/06\/20250613_105353-768x1024.jpg\" alt=\"\" class=\"wp-image-7646\" srcset=\"https:\/\/www.alpenflugzentrum.de\/wordpress\/wp-content\/uploads\/2025\/06\/20250613_105353-768x1024.jpg 768w, https:\/\/www.alpenflugzentrum.de\/wordpress\/wp-content\/uploads\/2025\/06\/20250613_105353-225x300.jpg 225w, https:\/\/www.alpenflugzentrum.de\/wordpress\/wp-content\/uploads\/2025\/06\/20250613_105353-1152x1536.jpg 1152w, https:\/\/www.alpenflugzentrum.de\/wordpress\/wp-content\/uploads\/2025\/06\/20250613_105353.jpg 1224w\" sizes=\"auto, (max-width: 768px) 100vw, 768px\" \/><\/a><\/figure>\n\n\n\n<p> Beim Ausparken mit einem X 5 angelegt&#8230;So a Schoass&#8230;<\/p>\n\n\n\n<p>Dies Jahr sind wir vom AFZ im Kern schwach vertreten, Ute ist seit Do abend da, Tomasz wurde noch nicht gesichtet (scheint eh in einem dunklen Loch verschwunden zu sein dieses Jahr). Sonst noch bekannt am Platz Steffi mit ihrer ASW 24 und Thomas Kr\u00fcger mit einem Superschlappohr EB29.   <\/p>\n","protected":false},"excerpt":{"rendered":"<p>von Holger Fuhr Zur Wertung des Alpe Adria Cup 2025 (der Blog wird dies Jahr fortlaufend weiter geschrieben, da die Technik in den Blogs ge\u00e4ndert wurde. Also wird mit dem Lauf des Wettbewerbs von oben nach unten fortgeschrieben!!!!) Samstag &#8211; kleine und gro\u00dfe schnell zu l\u00f6sende Technikprobleme und am letzten Abend bricht die Gyroskrise im &hellip; <a href=\"https:\/\/www.alpenflugzentrum.de\/wordpress\/?page_id=7623\" class=\"more-link\"><span class=\"screen-reader-text\">Alpenflugzentrum@AAC 2025<\/span> weiterlesen <span class=\"meta-nav\">&rarr;<\/span><\/a><\/p>\n","protected":false},"author":5,"featured_media":0,"parent":0,"menu_order":0,"comment_status":"closed","ping_status":"closed","template":"","meta":{"footnotes":""},"class_list":["post-7623","page","type-page","status-publish","hentry"],"_links":{"self":[{"href":"https:\/\/www.alpenflugzentrum.de\/wordpress\/index.php?rest_route=\/wp\/v2\/pages\/7623","targetHints":{"allow":["GET"]}}],"collection":[{"href":"https:\/\/www.alpenflugzentrum.de\/wordpress\/index.php?rest_route=\/wp\/v2\/pages"}],"about":[{"href":"https:\/\/www.alpenflugzentrum.de\/wordpress\/index.php?rest_route=\/wp\/v2\/types\/page"}],"author":[{"embeddable":true,"href":"https:\/\/www.alpenflugzentrum.de\/wordpress\/index.php?rest_route=\/wp\/v2\/users\/5"}],"replies":[{"embeddable":true,"href":"https:\/\/www.alpenflugzentrum.de\/wordpress\/index.php?rest_route=%2Fwp%2Fv2%2Fcomments&post=7623"}],"version-history":[{"count":23,"href":"https:\/\/www.alpenflugzentrum.de\/wordpress\/index.php?rest_route=\/wp\/v2\/pages\/7623\/revisions"}],"predecessor-version":[{"id":7902,"href":"https:\/\/www.alpenflugzentrum.de\/wordpress\/index.php?rest_route=\/wp\/v2\/pages\/7623\/revisions\/7902"}],"wp:attachment":[{"href":"https:\/\/www.alpenflugzentrum.de\/wordpress\/index.php?rest_route=%2Fwp%2Fv2%2Fmedia&parent=7623"}],"curies":[{"name":"wp","href":"https:\/\/api.w.org\/{rel}","templated":true}]}}